{"id":8992,"date":"2023-11-02T22:11:34","date_gmt":"2023-11-03T01:11:34","guid":{"rendered":"https:\/\/zumbalaturba.com.ar\/?page_id=8992"},"modified":"2023-11-02T22:34:21","modified_gmt":"2023-11-03T01:34:21","slug":"salud-mental","status":"publish","type":"page","link":"https:\/\/zumbalaturba.com.ar\/?page_id=8992","title":{"rendered":"Salud mental"},"content":{"rendered":"\t\t<div data-elementor-type=\"wp-page\" data-elementor-id=\"8992\" class=\"elementor elementor-8992\">\n\t\t\t\t\t\t<section class=\"elementor-section elementor-top-section elementor-element elementor-element-7249619 elementor-section-boxed elementor-section-height-default elementor-section-height-default\" data-id=\"7249619\" data-element_type=\"section\" data-e-type=\"section\">\n\t\t\t\t\t\t<div class=\"elementor-container elementor-column-gap-default\">\n\t\t\t\t\t<div class=\"elementor-column elementor-col-100 elementor-top-column elementor-element elementor-element-3fc6b23\" data-id=\"3fc6b23\" data-element_type=\"column\" data-e-type=\"column\">\n\t\t\t<div class=\"elementor-widget-wrap\">\n\t\t\t\t\t\t\t<\/div>\n\t\t<\/div>\n\t\t\t\t\t<\/div>\n\t\t<\/section>\n\t\t\t\t<section class=\"elementor-section elementor-top-section elementor-element elementor-element-80a576f elementor-section-boxed elementor-section-height-default elementor-section-height-default\" data-id=\"80a576f\" data-element_type=\"section\" data-e-type=\"section\">\n\t\t\t\t\t\t<div class=\"elementor-container elementor-column-gap-default\">\n\t\t\t\t\t<div class=\"elementor-column elementor-col-100 elementor-top-column elementor-element elementor-element-c3571b3\" data-id=\"c3571b3\" data-element_type=\"column\" data-e-type=\"column\">\n\t\t\t<div class=\"elementor-widget-wrap\">\n\t\t\t\t\t\t\t<\/div>\n\t\t<\/div>\n\t\t\t\t\t<\/div>\n\t\t<\/section>\n\t\t\t\t<section class=\"elementor-section elementor-top-section elementor-element elementor-element-5c889f8 elementor-section-boxed elementor-section-height-default elementor-section-height-default\" data-id=\"5c889f8\" data-element_type=\"section\" data-e-type=\"section\">\n\t\t\t\t\t\t<div class=\"elementor-container elementor-column-gap-default\">\n\t\t\t\t\t<div class=\"elementor-column elementor-col-100 elementor-top-column elementor-element elementor-element-06e56e9\" data-id=\"06e56e9\" data-element_type=\"column\" data-e-type=\"column\">\n\t\t\t<div class=\"elementor-widget-wrap elementor-element-populated\">\n\t\t\t\t\t\t<div class=\"elementor-element elementor-element-a91377a elementor-widget elementor-widget-spacer\" data-id=\"a91377a\" data-element_type=\"widget\" data-e-type=\"widget\" data-widget_type=\"spacer.default\">\n\t\t\t\t<div class=\"elementor-widget-container\">\n\t\t\t\t\t\t\t<div class=\"elementor-spacer\">\n\t\t\t<div class=\"elementor-spacer-inner\"><\/div>\n\t\t<\/div>\n\t\t\t\t\t\t<\/div>\n\t\t\t\t<\/div>\n\t\t\t\t\t<\/div>\n\t\t<\/div>\n\t\t\t\t\t<\/div>\n\t\t<\/section>\n\t\t\t\t<section class=\"elementor-section elementor-top-section elementor-element elementor-element-faeb7e0 elementor-section-boxed elementor-section-height-default elementor-section-height-default\" data-id=\"faeb7e0\" data-element_type=\"section\" data-e-type=\"section\">\n\t\t\t\t\t\t<div class=\"elementor-container elementor-column-gap-default\">\n\t\t\t\t\t<div class=\"elementor-column elementor-col-100 elementor-top-column elementor-element elementor-element-4aea36d\" data-id=\"4aea36d\" data-element_type=\"column\" data-e-type=\"column\">\n\t\t\t<div class=\"elementor-widget-wrap\">\n\t\t\t\t\t\t\t<\/div>\n\t\t<\/div>\n\t\t\t\t\t<\/div>\n\t\t<\/section>\n\t\t\t\t<section class=\"elementor-section elementor-top-section elementor-element elementor-element-6126ace elementor-section-full_width elementor-section-height-default elementor-section-height-default\" data-id=\"6126ace\" data-element_type=\"section\" data-e-type=\"section\">\n\t\t\t\t\t\t<div class=\"elementor-container elementor-column-gap-default\">\n\t\t\t\t\t<div class=\"elementor-column elementor-col-100 elementor-top-column elementor-element elementor-element-5bd2d0e\" data-id=\"5bd2d0e\" data-element_type=\"column\" data-e-type=\"column\">\n\t\t\t<div class=\"elementor-widget-wrap elementor-element-populated\">\n\t\t\t\t\t\t<div class=\"elementor-element elementor-element-5436e29 elementor-widget elementor-widget-shortcode\" data-id=\"5436e29\" data-element_type=\"widget\" data-e-type=\"widget\" data-widget_type=\"shortcode.default\">\n\t\t\t\t<div class=\"elementor-widget-container\">\n\t\t\t\t\t\t\t<div class=\"elementor-shortcode\"><style>.wp-show-posts-columns#wpsp-9005 {margin-left: -2em; }.wp-show-posts-columns#wpsp-9005 .wp-show-posts-inner {margin: 0 0 2em 2em; }<\/style><section id=\"wpsp-9005\" class=\" wp-show-posts-columns wp-show-posts\" style=\"\"><article class=\" wp-show-posts-single post-9397 post type-post status-publish format-standard has-post-thumbnail hentry category-elm category-rnma category-salud-mental tag-ddhh tag-enredando-las-mananas tag-rnma tag-salud-mental wpsp-col-4\" itemtype=\"http:\/\/schema.org\/CreativeWork\" itemscope><div class=\"wp-show-posts-inner\" style=\"\">\t\t\t\t\t\t<header class=\"wp-show-posts-entry-header\">\n\t\t\t\t\t\t\t<h2 class=\"wp-show-posts-entry-title\" itemprop=\"headline\"><a href=\"https:\/\/zumbalaturba.com.ar\/?p=9397\" rel=\"bookmark\">Taller de Militancia Ciudadana en Salud Mental<\/a><\/h2><div class=\"wp-show-posts-entry-meta wp-show-posts-entry-meta-below-title post-meta-inline\"><span class=\"wp-show-posts-posted-on wp-show-posts-meta\">\n\t\t\t\t\t<a href=\"https:\/\/zumbalaturba.com.ar\/?p=9397\" title=\"2:56 pm\" rel=\"bookmark\"><time class=\"wp-show-posts-entry-date published\" datetime=\"2024-07-19T14:56:48-03:00\" itemprop=\"datePublished\">19 julio, 2024<\/time><time class=\"wp-show-posts-updated\" datetime=\"2024-07-19T14:56:50-03:00\" itemprop=\"dateModified\">19 julio, 2024<\/time><\/a>\n\t\t\t\t<\/span><\/div>\t\t\t\t\t\t<\/header><!-- .entry-header -->\n\t\t\t\t\t\t\t<div class=\"wp-show-posts-image  wpsp-image-center \">\n\t\t\t<a href=\"https:\/\/zumbalaturba.com.ar\/?p=9397\"  title=\"Taller de Militancia Ciudadana en Salud Mental\"><img fetchpriority=\"high\" decoding=\"async\" width=\"1080\" height=\"1080\" src=\"https:\/\/zumbalaturba.com.ar\/wp-content\/uploads\/2024\/07\/WhatsApp-Image-2024-07-18-at-18.59.43.jpeg\" class=\"attachment-full size-full wp-post-image\" alt=\"\" itemprop=\"image\" srcset=\"https:\/\/zumbalaturba.com.ar\/wp-content\/uploads\/2024\/07\/WhatsApp-Image-2024-07-18-at-18.59.43.jpeg 1080w, https:\/\/zumbalaturba.com.ar\/wp-content\/uploads\/2024\/07\/WhatsApp-Image-2024-07-18-at-18.59.43-300x300.jpeg 300w, https:\/\/zumbalaturba.com.ar\/wp-content\/uploads\/2024\/07\/WhatsApp-Image-2024-07-18-at-18.59.43-1024x1024.jpeg 1024w, https:\/\/zumbalaturba.com.ar\/wp-content\/uploads\/2024\/07\/WhatsApp-Image-2024-07-18-at-18.59.43-768x768.jpeg 768w\" sizes=\"(max-width: 1080px) 100vw, 1080px\" \/><\/a>\t\t<\/div>\n\t\t\t\t\t\t\t\t<div class=\"wp-show-posts-entry-summary\" itemprop=\"text\">\n\t\t\t\t\t\t\t<p>En el Enredando Las Ma\u00f1anas del martes 16 de julio entrevistamos a Javier, integrante de la Asamblea de Usuaries de Salud Mental de la ciudad de Rosario, sobre el lanzamiento&#8230;<\/p>\n\t\t\t\t\t\t<\/div><!-- .entry-summary -->\n\t\t\t\t\t<div class=\"wpsp-read-more\"><a title=\"Taller de Militancia Ciudadana en Salud Mental\" class=\"wp-show-posts-read-more\" href=\"https:\/\/zumbalaturba.com.ar\/?p=9397\">Mir\u00e1 m\u00e1s<\/a><\/div><\/div><!-- wp-show-posts-inner --><\/article><article class=\" wp-show-posts-single post-9311 post type-post status-publish format-standard has-post-thumbnail hentry category-arte-cultura category-la-zumba category-salud-mental tag-cultura tag-deporte tag-musica tag-noticias tag-salud-mental wpsp-col-4\" itemtype=\"http:\/\/schema.org\/CreativeWork\" itemscope><div class=\"wp-show-posts-inner\" style=\"\">\t\t\t\t\t\t<header class=\"wp-show-posts-entry-header\">\n\t\t\t\t\t\t\t<h2 class=\"wp-show-posts-entry-title\" itemprop=\"headline\"><a href=\"https:\/\/zumbalaturba.com.ar\/?p=9311\" rel=\"bookmark\">La Kriptonita. Segundo programa<\/a><\/h2><div class=\"wp-show-posts-entry-meta wp-show-posts-entry-meta-below-title post-meta-inline\"><span class=\"wp-show-posts-posted-on wp-show-posts-meta\">\n\t\t\t\t\t<a href=\"https:\/\/zumbalaturba.com.ar\/?p=9311\" title=\"6:53 pm\" rel=\"bookmark\"><time class=\"wp-show-posts-entry-date published\" datetime=\"2024-05-28T18:53:21-03:00\" itemprop=\"datePublished\">28 mayo, 2024<\/time><time class=\"wp-show-posts-updated\" datetime=\"2024-05-28T18:53:22-03:00\" itemprop=\"dateModified\">28 mayo, 2024<\/time><\/a>\n\t\t\t\t<\/span><\/div>\t\t\t\t\t\t<\/header><!-- .entry-header -->\n\t\t\t\t\t\t\t<div class=\"wp-show-posts-image  wpsp-image-center \">\n\t\t\t<a href=\"https:\/\/zumbalaturba.com.ar\/?p=9311\"  title=\"La Kriptonita. Segundo programa\"><img decoding=\"async\" width=\"900\" height=\"1600\" src=\"https:\/\/zumbalaturba.com.ar\/wp-content\/uploads\/2024\/05\/WhatsApp-Image-2024-05-14-at-17.10.31-1.jpeg\" class=\"attachment-full size-full wp-post-image\" alt=\"\" itemprop=\"image\" srcset=\"https:\/\/zumbalaturba.com.ar\/wp-content\/uploads\/2024\/05\/WhatsApp-Image-2024-05-14-at-17.10.31-1.jpeg 900w, https:\/\/zumbalaturba.com.ar\/wp-content\/uploads\/2024\/05\/WhatsApp-Image-2024-05-14-at-17.10.31-1-169x300.jpeg 169w, https:\/\/zumbalaturba.com.ar\/wp-content\/uploads\/2024\/05\/WhatsApp-Image-2024-05-14-at-17.10.31-1-576x1024.jpeg 576w, https:\/\/zumbalaturba.com.ar\/wp-content\/uploads\/2024\/05\/WhatsApp-Image-2024-05-14-at-17.10.31-1-768x1365.jpeg 768w, https:\/\/zumbalaturba.com.ar\/wp-content\/uploads\/2024\/05\/WhatsApp-Image-2024-05-14-at-17.10.31-1-864x1536.jpeg 864w\" sizes=\"(max-width: 900px) 100vw, 900px\" \/><\/a>\t\t<\/div>\n\t\t\t\t\t\t\t\t<div class=\"wp-show-posts-entry-summary\" itemprop=\"text\">\n\t\t\t\t\t\t\t<p>Share on:<\/p>\n\t\t\t\t\t\t<\/div><!-- .entry-summary -->\n\t\t\t\t\t<div class=\"wpsp-read-more\"><a title=\"La Kriptonita. Segundo programa\" class=\"wp-show-posts-read-more\" href=\"https:\/\/zumbalaturba.com.ar\/?p=9311\">Mir\u00e1 m\u00e1s<\/a><\/div><\/div><!-- wp-show-posts-inner --><\/article><article class=\" wp-show-posts-single post-9241 post type-post status-publish format-standard has-post-thumbnail hentry category-arte-cultura category-ddhh category-salud-mental tag-cultura tag-musica wpsp-col-4\" itemtype=\"http:\/\/schema.org\/CreativeWork\" itemscope><div class=\"wp-show-posts-inner\" style=\"\">\t\t\t\t\t\t<header class=\"wp-show-posts-entry-header\">\n\t\t\t\t\t\t\t<h2 class=\"wp-show-posts-entry-title\" itemprop=\"headline\"><a href=\"https:\/\/zumbalaturba.com.ar\/?p=9241\" rel=\"bookmark\">La Kriptonita radio<\/a><\/h2><div class=\"wp-show-posts-entry-meta wp-show-posts-entry-meta-below-title post-meta-inline\"><span class=\"wp-show-posts-posted-on wp-show-posts-meta\">\n\t\t\t\t\t<a href=\"https:\/\/zumbalaturba.com.ar\/?p=9241\" title=\"5:28 pm\" rel=\"bookmark\"><time class=\"wp-show-posts-entry-date published\" datetime=\"2024-05-14T17:28:19-03:00\" itemprop=\"datePublished\">14 mayo, 2024<\/time><time class=\"wp-show-posts-updated\" datetime=\"2024-05-14T17:42:48-03:00\" itemprop=\"dateModified\">14 mayo, 2024<\/time><\/a>\n\t\t\t\t<\/span><\/div>\t\t\t\t\t\t<\/header><!-- .entry-header -->\n\t\t\t\t\t\t\t<div class=\"wp-show-posts-image  wpsp-image-center \">\n\t\t\t<a href=\"https:\/\/zumbalaturba.com.ar\/?p=9241\"  title=\"La Kriptonita radio\"><img decoding=\"async\" width=\"900\" height=\"1600\" src=\"https:\/\/zumbalaturba.com.ar\/wp-content\/uploads\/2024\/05\/WhatsApp-Image-2024-05-14-at-17.10.31.jpeg\" class=\"attachment-full size-full wp-post-image\" alt=\"\" itemprop=\"image\" srcset=\"https:\/\/zumbalaturba.com.ar\/wp-content\/uploads\/2024\/05\/WhatsApp-Image-2024-05-14-at-17.10.31.jpeg 900w, https:\/\/zumbalaturba.com.ar\/wp-content\/uploads\/2024\/05\/WhatsApp-Image-2024-05-14-at-17.10.31-169x300.jpeg 169w, https:\/\/zumbalaturba.com.ar\/wp-content\/uploads\/2024\/05\/WhatsApp-Image-2024-05-14-at-17.10.31-576x1024.jpeg 576w, https:\/\/zumbalaturba.com.ar\/wp-content\/uploads\/2024\/05\/WhatsApp-Image-2024-05-14-at-17.10.31-768x1365.jpeg 768w, https:\/\/zumbalaturba.com.ar\/wp-content\/uploads\/2024\/05\/WhatsApp-Image-2024-05-14-at-17.10.31-864x1536.jpeg 864w\" sizes=\"(max-width: 900px) 100vw, 900px\" \/><\/a>\t\t<\/div>\n\t\t\t\t\t\t\t\t<div class=\"wp-show-posts-entry-summary\" itemprop=\"text\">\n\t\t\t\t\t\t\t<p>La Fundaci\u00f3n para el Desarrollo de Actividades Psicosociales (FuDAP) realiza todos los martes un taller de radio con sus asistentes. Llevan adelante el programa radial La Kriptonita y el martes&#8230;<\/p>\n\t\t\t\t\t\t<\/div><!-- .entry-summary -->\n\t\t\t\t\t<div class=\"wpsp-read-more\"><a title=\"La Kriptonita radio\" class=\"wp-show-posts-read-more\" href=\"https:\/\/zumbalaturba.com.ar\/?p=9241\">Mir\u00e1 m\u00e1s<\/a><\/div><\/div><!-- wp-show-posts-inner --><\/article><article class=\" wp-show-posts-single post-8180 post type-post status-publish format-standard has-post-thumbnail hentry category-arte-cultura category-la-chispa category-salud-mental tag-agenda-cultural tag-cultura tag-musica-2 tag-saludmental wpsp-col-4\" itemtype=\"http:\/\/schema.org\/CreativeWork\" itemscope><div class=\"wp-show-posts-inner\" style=\"\">\t\t\t\t\t\t<header class=\"wp-show-posts-entry-header\">\n\t\t\t\t\t\t\t<h2 class=\"wp-show-posts-entry-title\" itemprop=\"headline\"><a href=\"https:\/\/zumbalaturba.com.ar\/?p=8180\" rel=\"bookmark\">Los Pickles rumbo al XV encuentro latinoamericano de arte y salud mental<\/a><\/h2><div class=\"wp-show-posts-entry-meta wp-show-posts-entry-meta-below-title post-meta-inline\"><span class=\"wp-show-posts-posted-on wp-show-posts-meta\">\n\t\t\t\t\t<a href=\"https:\/\/zumbalaturba.com.ar\/?p=8180\" title=\"3:22 pm\" rel=\"bookmark\"><time class=\"wp-show-posts-entry-date published\" datetime=\"2022-09-19T15:22:59-03:00\" itemprop=\"datePublished\">19 septiembre, 2022<\/time><time class=\"wp-show-posts-updated\" datetime=\"2023-10-14T19:49:44-03:00\" itemprop=\"dateModified\">14 octubre, 2023<\/time><\/a>\n\t\t\t\t<\/span><\/div>\t\t\t\t\t\t<\/header><!-- .entry-header -->\n\t\t\t\t\t\t\t<div class=\"wp-show-posts-image  wpsp-image-center \">\n\t\t\t<a href=\"https:\/\/zumbalaturba.com.ar\/?p=8180\"  title=\"Los Pickles rumbo al XV encuentro latinoamericano de arte y salud mental\"><img loading=\"lazy\" decoding=\"async\" width=\"1024\" height=\"742\" src=\"https:\/\/zumbalaturba.com.ar\/wp-content\/uploads\/2022\/09\/WhatsApp-Image-2022-09-18-at-17.45.32.jpeg\" class=\"attachment-full size-full wp-post-image\" alt=\"\" itemprop=\"image\" srcset=\"https:\/\/zumbalaturba.com.ar\/wp-content\/uploads\/2022\/09\/WhatsApp-Image-2022-09-18-at-17.45.32.jpeg 1024w, https:\/\/zumbalaturba.com.ar\/wp-content\/uploads\/2022\/09\/WhatsApp-Image-2022-09-18-at-17.45.32-300x217.jpeg 300w, https:\/\/zumbalaturba.com.ar\/wp-content\/uploads\/2022\/09\/WhatsApp-Image-2022-09-18-at-17.45.32-768x557.jpeg 768w\" sizes=\"(max-width: 1024px) 100vw, 1024px\" \/><\/a>\t\t<\/div>\n\t\t\t\t\t\t\t\t<div class=\"wp-show-posts-entry-summary\" itemprop=\"text\">\n\t\t\t\t\t\t\t<p>Los Pickles Abracadrabra es una banda musical que fue invitada a representar a C\u00f3rdoba en el XV encuentro latinoamericano de arte y salud mental: \u201cUna puerta a la Libertad, No&#8230;<\/p>\n\t\t\t\t\t\t<\/div><!-- .entry-summary -->\n\t\t\t\t\t<div class=\"wpsp-read-more\"><a title=\"Los Pickles rumbo al XV encuentro latinoamericano de arte y salud mental\" class=\"wp-show-posts-read-more\" href=\"https:\/\/zumbalaturba.com.ar\/?p=8180\">Mir\u00e1 m\u00e1s<\/a><\/div><\/div><!-- wp-show-posts-inner --><\/article><article class=\" wp-show-posts-single post-7692 post type-post status-publish format-standard has-post-thumbnail hentry category-anticarcelario-antrepresivo category-arte-cultura category-salud-mental tag-cannabis tag-cordoba tag-medicinal wpsp-col-4\" itemtype=\"http:\/\/schema.org\/CreativeWork\" itemscope><div class=\"wp-show-posts-inner\" style=\"\">\t\t\t\t\t\t<header class=\"wp-show-posts-entry-header\">\n\t\t\t\t\t\t\t<h2 class=\"wp-show-posts-entry-title\" itemprop=\"headline\"><a href=\"https:\/\/zumbalaturba.com.ar\/?p=7692\" rel=\"bookmark\">C\u00f3rdoba atrasa: criminalizaci\u00f3n del uso medicinal del cannabis<\/a><\/h2><div class=\"wp-show-posts-entry-meta wp-show-posts-entry-meta-below-title post-meta-inline\"><span class=\"wp-show-posts-posted-on wp-show-posts-meta\">\n\t\t\t\t\t<a href=\"https:\/\/zumbalaturba.com.ar\/?p=7692\" title=\"4:32 pm\" rel=\"bookmark\"><time class=\"wp-show-posts-entry-date published\" datetime=\"2020-08-09T16:32:31-03:00\" itemprop=\"datePublished\">9 agosto, 2020<\/time><time class=\"wp-show-posts-updated\" datetime=\"2023-12-21T20:00:40-03:00\" itemprop=\"dateModified\">21 diciembre, 2023<\/time><\/a>\n\t\t\t\t<\/span><\/div>\t\t\t\t\t\t<\/header><!-- .entry-header -->\n\t\t\t\t\t\t\t<div class=\"wp-show-posts-image  wpsp-image-center \">\n\t\t\t<a href=\"https:\/\/zumbalaturba.com.ar\/?p=7692\"  title=\"C\u00f3rdoba atrasa: criminalizaci\u00f3n del uso medicinal del cannabis\"><img loading=\"lazy\" decoding=\"async\" width=\"369\" height=\"136\" src=\"https:\/\/zumbalaturba.com.ar\/wp-content\/uploads\/2020\/08\/FEMI-CANNABIS-1.png\" class=\"attachment-full size-full wp-post-image\" alt=\"\" itemprop=\"image\" srcset=\"https:\/\/zumbalaturba.com.ar\/wp-content\/uploads\/2020\/08\/FEMI-CANNABIS-1.png 369w, https:\/\/zumbalaturba.com.ar\/wp-content\/uploads\/2020\/08\/FEMI-CANNABIS-1-300x111.png 300w\" sizes=\"(max-width: 369px) 100vw, 369px\" \/><\/a>\t\t<\/div>\n\t\t\t\t\t\t\t\t<div class=\"wp-show-posts-entry-summary\" itemprop=\"text\">\n\t\t\t\t\t\t\t<p>En un nuevo bloque de de la transmisi\u00f3n desde casa, en cuarentena pero no aislades, conversamos acerca de una tem\u00e1tica que tom\u00f3 relevancia en los \u00faltimos d\u00edas del mes de&#8230;<\/p>\n\t\t\t\t\t\t<\/div><!-- .entry-summary -->\n\t\t\t\t\t<div class=\"wpsp-read-more\"><a title=\"C\u00f3rdoba atrasa: criminalizaci\u00f3n del uso medicinal del cannabis\" class=\"wp-show-posts-read-more\" href=\"https:\/\/zumbalaturba.com.ar\/?p=7692\">Mir\u00e1 m\u00e1s<\/a><\/div><\/div><!-- wp-show-posts-inner --><\/article><article class=\" wp-show-posts-single post-7340 post type-post status-publish format-standard has-post-thumbnail hentry category-anticarcelario-antrepresivo category-elm category-especial category-la-chispa category-salud-mental wpsp-col-4\" itemtype=\"http:\/\/schema.org\/CreativeWork\" itemscope><div class=\"wp-show-posts-inner\" style=\"\">\t\t\t\t\t\t<header class=\"wp-show-posts-entry-header\">\n\t\t\t\t\t\t\t<h2 class=\"wp-show-posts-entry-title\" itemprop=\"headline\"><a href=\"https:\/\/zumbalaturba.com.ar\/?p=7340\" rel=\"bookmark\">\u00a1Frente a los muros y el abandono, puentes hacia la comunidad!<\/a><\/h2><div class=\"wp-show-posts-entry-meta wp-show-posts-entry-meta-below-title post-meta-inline\"><span class=\"wp-show-posts-posted-on wp-show-posts-meta\">\n\t\t\t\t\t<a href=\"https:\/\/zumbalaturba.com.ar\/?p=7340\" title=\"1:02 am\" rel=\"bookmark\"><time class=\"wp-show-posts-entry-date published\" datetime=\"2019-10-19T01:02:07-03:00\" itemprop=\"datePublished\">19 octubre, 2019<\/time><time class=\"wp-show-posts-updated\" datetime=\"2023-07-22T17:48:19-03:00\" itemprop=\"dateModified\">22 julio, 2023<\/time><\/a>\n\t\t\t\t<\/span><\/div>\t\t\t\t\t\t<\/header><!-- .entry-header -->\n\t\t\t\t\t\t\t<div class=\"wp-show-posts-image  wpsp-image-center \">\n\t\t\t<a href=\"https:\/\/zumbalaturba.com.ar\/?p=7340\"  title=\"\u00a1Frente a los muros y el abandono, puentes hacia la comunidad!\"><img loading=\"lazy\" decoding=\"async\" width=\"1170\" height=\"468\" src=\"https:\/\/zumbalaturba.com.ar\/wp-content\/uploads\/2019\/10\/salud-mental.jpg\" class=\"attachment-full size-full wp-post-image\" alt=\"\" itemprop=\"image\" srcset=\"https:\/\/zumbalaturba.com.ar\/wp-content\/uploads\/2019\/10\/salud-mental.jpg 1170w, https:\/\/zumbalaturba.com.ar\/wp-content\/uploads\/2019\/10\/salud-mental-300x120.jpg 300w, https:\/\/zumbalaturba.com.ar\/wp-content\/uploads\/2019\/10\/salud-mental-768x307.jpg 768w, https:\/\/zumbalaturba.com.ar\/wp-content\/uploads\/2019\/10\/salud-mental-1024x410.jpg 1024w\" sizes=\"(max-width: 1170px) 100vw, 1170px\" \/><\/a>\t\t<\/div>\n\t\t\t\t\t\t\t\t<div class=\"wp-show-posts-entry-summary\" itemprop=\"text\">\n\t\t\t\t\t\t\t<p>En el cuarto bloque del Enredando las ma\u00f1anas conversamos con Adriana de la Asociaci\u00f3n Civil Abracadabra del Hospital Neuropsiqui\u00e1trico provincial de C\u00f3rdoba sobre la 6ta Marcha por el Derecho a&#8230;<\/p>\n\t\t\t\t\t\t<\/div><!-- .entry-summary -->\n\t\t\t\t\t<div class=\"wpsp-read-more\"><a title=\"\u00a1Frente a los muros y el abandono, puentes hacia la comunidad!\" class=\"wp-show-posts-read-more\" href=\"https:\/\/zumbalaturba.com.ar\/?p=7340\">Mir\u00e1 m\u00e1s<\/a><\/div><\/div><!-- wp-show-posts-inner --><\/article><article class=\" wp-show-posts-single post-6684 post type-post status-publish format-standard has-post-thumbnail hentry category-ddhh category-la-zumba category-salud-mental tag-derechos-humanos tag-fotografia tag-radio tag-salud-mental wpsp-col-4\" itemtype=\"http:\/\/schema.org\/CreativeWork\" itemscope><div class=\"wp-show-posts-inner\" style=\"\">\t\t\t\t\t\t<header class=\"wp-show-posts-entry-header\">\n\t\t\t\t\t\t\t<h2 class=\"wp-show-posts-entry-title\" itemprop=\"headline\"><a href=\"https:\/\/zumbalaturba.com.ar\/?p=6684\" rel=\"bookmark\">5\u00b0 Marcha por el Derecho a la Salud Mental<\/a><\/h2><div class=\"wp-show-posts-entry-meta wp-show-posts-entry-meta-below-title post-meta-inline\"><span class=\"wp-show-posts-posted-on wp-show-posts-meta\">\n\t\t\t\t\t<a href=\"https:\/\/zumbalaturba.com.ar\/?p=6684\" title=\"6:15 am\" rel=\"bookmark\"><time class=\"wp-show-posts-entry-date published\" datetime=\"2018-10-20T06:15:54-03:00\" itemprop=\"datePublished\">20 octubre, 2018<\/time><time class=\"wp-show-posts-updated\" datetime=\"2023-10-14T19:01:23-03:00\" itemprop=\"dateModified\">14 octubre, 2023<\/time><\/a>\n\t\t\t\t<\/span><\/div>\t\t\t\t\t\t<\/header><!-- .entry-header -->\n\t\t\t\t\t\t\t<div class=\"wp-show-posts-image  wpsp-image-center \">\n\t\t\t<a href=\"https:\/\/zumbalaturba.com.ar\/?p=6684\"  title=\"5\u00b0 Marcha por el Derecho a la Salud Mental\"><img loading=\"lazy\" decoding=\"async\" width=\"5184\" height=\"3456\" src=\"https:\/\/zumbalaturba.com.ar\/wp-content\/uploads\/2018\/10\/IMG_0044.jpg\" class=\"attachment-full size-full wp-post-image\" alt=\"\" itemprop=\"image\" srcset=\"https:\/\/zumbalaturba.com.ar\/wp-content\/uploads\/2018\/10\/IMG_0044.jpg 5184w, https:\/\/zumbalaturba.com.ar\/wp-content\/uploads\/2018\/10\/IMG_0044-300x200.jpg 300w, https:\/\/zumbalaturba.com.ar\/wp-content\/uploads\/2018\/10\/IMG_0044-768x512.jpg 768w, https:\/\/zumbalaturba.com.ar\/wp-content\/uploads\/2018\/10\/IMG_0044-1024x683.jpg 1024w\" sizes=\"(max-width: 5184px) 100vw, 5184px\" \/><\/a>\t\t<\/div>\n\t\t\t\t\t\t\t\t<div class=\"wp-show-posts-entry-summary\" itemprop=\"text\">\n\t\t\t\t\t\t\t<p>El 19 de octubre del 2018 se realiz\u00f3\u00a0 la 5\u00b0 Marcha por el Derecho a la Salud Mental en C\u00f3rdoba. Por la plena implementaci\u00f3n de la Ley Nacional\u00a0N\u00ba 26.657 y&#8230;<\/p>\n\t\t\t\t\t\t<\/div><!-- .entry-summary -->\n\t\t\t\t\t<div class=\"wpsp-read-more\"><a title=\"5\u00b0 Marcha por el Derecho a la Salud Mental\" class=\"wp-show-posts-read-more\" href=\"https:\/\/zumbalaturba.com.ar\/?p=6684\">Mir\u00e1 m\u00e1s<\/a><\/div><\/div><!-- wp-show-posts-inner --><\/article><article class=\" wp-show-posts-single post-6677 post type-post status-publish format-standard has-post-thumbnail hentry category-ddhh category-elm category-la-zumba category-salud-mental tag-derechos-humanos tag-politica tag-salud-mental wpsp-col-4\" itemtype=\"http:\/\/schema.org\/CreativeWork\" itemscope><div class=\"wp-show-posts-inner\" style=\"\">\t\t\t\t\t\t<header class=\"wp-show-posts-entry-header\">\n\t\t\t\t\t\t\t<h2 class=\"wp-show-posts-entry-title\" itemprop=\"headline\"><a href=\"https:\/\/zumbalaturba.com.ar\/?p=6677\" rel=\"bookmark\">La salud mental est\u00e1 en las calles.<\/a><\/h2><div class=\"wp-show-posts-entry-meta wp-show-posts-entry-meta-below-title post-meta-inline\"><span class=\"wp-show-posts-posted-on wp-show-posts-meta\">\n\t\t\t\t\t<a href=\"https:\/\/zumbalaturba.com.ar\/?p=6677\" title=\"3:06 pm\" rel=\"bookmark\"><time class=\"wp-show-posts-entry-date published\" datetime=\"2018-10-18T15:06:13-03:00\" itemprop=\"datePublished\">18 octubre, 2018<\/time><time class=\"wp-show-posts-updated\" datetime=\"2023-10-14T19:01:31-03:00\" itemprop=\"dateModified\">14 octubre, 2023<\/time><\/a>\n\t\t\t\t<\/span><\/div>\t\t\t\t\t\t<\/header><!-- .entry-header -->\n\t\t\t\t\t\t\t<div class=\"wp-show-posts-image  wpsp-image-center \">\n\t\t\t<a href=\"https:\/\/zumbalaturba.com.ar\/?p=6677\"  title=\"La salud mental est\u00e1 en las calles.\"><img loading=\"lazy\" decoding=\"async\" width=\"1754\" height=\"1241\" src=\"https:\/\/zumbalaturba.com.ar\/wp-content\/uploads\/2018\/10\/2.jpg\" class=\"attachment-full size-full wp-post-image\" alt=\"\" itemprop=\"image\" srcset=\"https:\/\/zumbalaturba.com.ar\/wp-content\/uploads\/2018\/10\/2.jpg 1754w, https:\/\/zumbalaturba.com.ar\/wp-content\/uploads\/2018\/10\/2-300x212.jpg 300w, https:\/\/zumbalaturba.com.ar\/wp-content\/uploads\/2018\/10\/2-768x543.jpg 768w, https:\/\/zumbalaturba.com.ar\/wp-content\/uploads\/2018\/10\/2-1024x725.jpg 1024w\" sizes=\"(max-width: 1754px) 100vw, 1754px\" \/><\/a>\t\t<\/div>\n\t\t\t\t\t\t\t\t<div class=\"wp-show-posts-entry-summary\" itemprop=\"text\">\n\t\t\t\t\t\t\t<p>En Enredando las Ma\u00f1anas, hablamos sobre una marcha que est\u00e1 programada para este viernes\u00a0 19 de octubre. El motivo de la movilizaci\u00f3n es la plena implementaci\u00f3n de las leyes nacional&#8230;<\/p>\n\t\t\t\t\t\t<\/div><!-- .entry-summary -->\n\t\t\t\t\t<div class=\"wpsp-read-more\"><a title=\"La salud mental est\u00e1 en las calles.\" class=\"wp-show-posts-read-more\" href=\"https:\/\/zumbalaturba.com.ar\/?p=6677\">Mir\u00e1 m\u00e1s<\/a><\/div><\/div><!-- wp-show-posts-inner --><\/article><article class=\" wp-show-posts-single post-4626 post type-post status-publish format-standard has-post-thumbnail hentry category-la-chispa category-salud-mental wpsp-col-4\" itemtype=\"http:\/\/schema.org\/CreativeWork\" itemscope><div class=\"wp-show-posts-inner\" style=\"\">\t\t\t\t\t\t<header class=\"wp-show-posts-entry-header\">\n\t\t\t\t\t\t\t<h2 class=\"wp-show-posts-entry-title\" itemprop=\"headline\"><a href=\"https:\/\/zumbalaturba.com.ar\/?p=4626\" rel=\"bookmark\">La salud mental est\u00e1 en los derechos<\/a><\/h2><div class=\"wp-show-posts-entry-meta wp-show-posts-entry-meta-below-title post-meta-inline\"><span class=\"wp-show-posts-posted-on wp-show-posts-meta\">\n\t\t\t\t\t<a href=\"https:\/\/zumbalaturba.com.ar\/?p=4626\" title=\"3:28 pm\" rel=\"bookmark\"><time class=\"wp-show-posts-entry-date published\" datetime=\"2017-10-06T15:28:48-03:00\" itemprop=\"datePublished\">6 octubre, 2017<\/time><time class=\"wp-show-posts-updated\" datetime=\"2023-07-22T18:00:17-03:00\" itemprop=\"dateModified\">22 julio, 2023<\/time><\/a>\n\t\t\t\t<\/span><\/div>\t\t\t\t\t\t<\/header><!-- .entry-header -->\n\t\t\t\t\t\t\t<div class=\"wp-show-posts-image  wpsp-image-center \">\n\t\t\t<a href=\"https:\/\/zumbalaturba.com.ar\/?p=4626\"  title=\"La salud mental est\u00e1 en los derechos\"><img loading=\"lazy\" decoding=\"async\" width=\"996\" height=\"704\" src=\"https:\/\/zumbalaturba.com.ar\/wp-content\/uploads\/2017\/10\/marcha-salud-mental.jpg\" class=\"attachment-full size-full wp-post-image\" alt=\"\" itemprop=\"image\" srcset=\"https:\/\/zumbalaturba.com.ar\/wp-content\/uploads\/2017\/10\/marcha-salud-mental.jpg 996w, https:\/\/zumbalaturba.com.ar\/wp-content\/uploads\/2017\/10\/marcha-salud-mental-300x212.jpg 300w, https:\/\/zumbalaturba.com.ar\/wp-content\/uploads\/2017\/10\/marcha-salud-mental-768x543.jpg 768w\" sizes=\"(max-width: 996px) 100vw, 996px\" \/><\/a>\t\t<\/div>\n\t\t\t\t\t\t\t\t<div class=\"wp-show-posts-entry-summary\" itemprop=\"text\">\n\t\t\t\t\t\t\t<p>Este viernes 6 de octubre a las 18 hs. se realizar\u00e1 la marcha por la Salud Mental, este a\u00f1o con la consigna \u201cQue se escuche nuestro canto, por la dignidad&#8230;<\/p>\n\t\t\t\t\t\t<\/div><!-- .entry-summary -->\n\t\t\t\t\t<div class=\"wpsp-read-more\"><a title=\"La salud mental est\u00e1 en los derechos\" class=\"wp-show-posts-read-more\" href=\"https:\/\/zumbalaturba.com.ar\/?p=4626\">Mir\u00e1 m\u00e1s<\/a><\/div><\/div><!-- wp-show-posts-inner --><\/article><article class=\" wp-show-posts-single post-4216 post type-post status-publish format-standard has-post-thumbnail hentry category-la-chispa category-rnma category-salud-mental tag-desmanicomializacion tag-la-chispa tag-locura tag-neuro wpsp-col-4\" itemtype=\"http:\/\/schema.org\/CreativeWork\" itemscope><div class=\"wp-show-posts-inner\" style=\"\">\t\t\t\t\t\t<header class=\"wp-show-posts-entry-header\">\n\t\t\t\t\t\t\t<h2 class=\"wp-show-posts-entry-title\" itemprop=\"headline\"><a href=\"https:\/\/zumbalaturba.com.ar\/?p=4216\" rel=\"bookmark\">La chispa en el 14\u00b0 Encuentro RNMA: &#8220;\u00bfC\u00f3mo hablamos cuando hablamos de Salud Mental?&#8221;<\/a><\/h2><div class=\"wp-show-posts-entry-meta wp-show-posts-entry-meta-below-title post-meta-inline\"><span class=\"wp-show-posts-posted-on wp-show-posts-meta\">\n\t\t\t\t\t<a href=\"https:\/\/zumbalaturba.com.ar\/?p=4216\" title=\"9:39 pm\" rel=\"bookmark\"><time class=\"wp-show-posts-entry-date published\" datetime=\"2017-08-26T21:39:17-03:00\" itemprop=\"datePublished\">26 agosto, 2017<\/time><time class=\"wp-show-posts-updated\" datetime=\"2023-07-22T18:00:41-03:00\" itemprop=\"dateModified\">22 julio, 2023<\/time><\/a>\n\t\t\t\t<\/span><\/div>\t\t\t\t\t\t<\/header><!-- .entry-header -->\n\t\t\t\t\t\t\t<div class=\"wp-show-posts-image  wpsp-image-center \">\n\t\t\t<a href=\"https:\/\/zumbalaturba.com.ar\/?p=4216\"  title=\"La chispa en el 14\u00b0 Encuentro RNMA: &#8220;\u00bfC\u00f3mo hablamos cuando hablamos de Salud Mental?&#8221;\"><img loading=\"lazy\" decoding=\"async\" width=\"1280\" height=\"720\" src=\"https:\/\/zumbalaturba.com.ar\/wp-content\/uploads\/2017\/08\/la-chispa-1.jpg\" class=\"attachment-full size-full wp-post-image\" alt=\"\" itemprop=\"image\" srcset=\"https:\/\/zumbalaturba.com.ar\/wp-content\/uploads\/2017\/08\/la-chispa-1.jpg 1280w, https:\/\/zumbalaturba.com.ar\/wp-content\/uploads\/2017\/08\/la-chispa-1-300x169.jpg 300w, https:\/\/zumbalaturba.com.ar\/wp-content\/uploads\/2017\/08\/la-chispa-1-768x432.jpg 768w, https:\/\/zumbalaturba.com.ar\/wp-content\/uploads\/2017\/08\/la-chispa-1-1024x576.jpg 1024w\" sizes=\"(max-width: 1280px) 100vw, 1280px\" \/><\/a>\t\t<\/div>\n\t\t\t\t\t\t\t\t<div class=\"wp-show-posts-entry-summary\" itemprop=\"text\">\n\t\t\t\t\t\t\t<p>Por la ma\u00f1ana del domingo 20 de agosto, en la segunda jornada del Encuentro de la Red Nacional de Medios Alternativos, tras mate y caf\u00e9 que nos ayudaron a despertar,&#8230;<\/p>\n\t\t\t\t\t\t<\/div><!-- .entry-summary -->\n\t\t\t\t\t<div class=\"wpsp-read-more\"><a title=\"La chispa en el 14\u00b0 Encuentro RNMA: &#8220;\u00bfC\u00f3mo hablamos cuando hablamos de Salud Mental?&#8221;\" class=\"wp-show-posts-read-more\" href=\"https:\/\/zumbalaturba.com.ar\/?p=4216\">Mir\u00e1 m\u00e1s<\/a><\/div><\/div><!-- wp-show-posts-inner --><\/article><article class=\" wp-show-posts-single post-1363 post type-post status-publish format-standard has-post-thumbnail hentry category-arte-cultura category-la-chispa category-salud-mental tag-arte tag-comunidad tag-diversidad tag-practicas-comunitarias tag-salud-mental tag-zito-lema wpsp-col-4\" itemtype=\"http:\/\/schema.org\/CreativeWork\" itemscope><div class=\"wp-show-posts-inner\" style=\"\">\t\t\t\t\t\t<header class=\"wp-show-posts-entry-header\">\n\t\t\t\t\t\t\t<h2 class=\"wp-show-posts-entry-title\" itemprop=\"headline\"><a href=\"https:\/\/zumbalaturba.com.ar\/?p=1363\" rel=\"bookmark\">Vivinventando<\/a><\/h2><div class=\"wp-show-posts-entry-meta wp-show-posts-entry-meta-below-title post-meta-inline\"><span class=\"wp-show-posts-posted-on wp-show-posts-meta\">\n\t\t\t\t\t<a href=\"https:\/\/zumbalaturba.com.ar\/?p=1363\" title=\"11:12 pm\" rel=\"bookmark\"><time class=\"wp-show-posts-entry-date published\" datetime=\"2016-09-06T23:12:12-03:00\" itemprop=\"datePublished\">6 septiembre, 2016<\/time><time class=\"wp-show-posts-updated\" datetime=\"2023-07-22T18:00:54-03:00\" itemprop=\"dateModified\">22 julio, 2023<\/time><\/a>\n\t\t\t\t<\/span><\/div>\t\t\t\t\t\t<\/header><!-- .entry-header -->\n\t\t\t\t\t\t\t<div class=\"wp-show-posts-image  wpsp-image-center \">\n\t\t\t<a href=\"https:\/\/zumbalaturba.com.ar\/?p=1363\"  title=\"Vivinventando\"><img loading=\"lazy\" decoding=\"async\" width=\"640\" height=\"960\" src=\"https:\/\/zumbalaturba.com.ar\/wp-content\/uploads\/2016\/09\/2.jpg\" class=\"attachment-full size-full wp-post-image\" alt=\"\" itemprop=\"image\" srcset=\"https:\/\/zumbalaturba.com.ar\/wp-content\/uploads\/2016\/09\/2.jpg 640w, https:\/\/zumbalaturba.com.ar\/wp-content\/uploads\/2016\/09\/2-200x300.jpg 200w\" sizes=\"(max-width: 640px) 100vw, 640px\" \/><\/a>\t\t<\/div>\n\t\t\t\t\t\t\t\t<div class=\"wp-show-posts-entry-summary\" itemprop=\"text\">\n\t\t\t\t\t\t\t<p>por LA CHISPA Texto producido despu\u00e9s del Pre-encuentro de Pr\u00e1cticas Comunitarias en Salud, previo al 6to Encuentro a realizarse en noviembre en la ciudad de C\u00f3rdoba. Despu\u00e9s de vivir el&#8230;<\/p>\n\t\t\t\t\t\t<\/div><!-- .entry-summary -->\n\t\t\t\t\t<div class=\"wpsp-read-more\"><a title=\"Vivinventando\" class=\"wp-show-posts-read-more\" href=\"https:\/\/zumbalaturba.com.ar\/?p=1363\">Mir\u00e1 m\u00e1s<\/a><\/div><\/div><!-- wp-show-posts-inner --><\/article><div class=\"wpsp-clear\"><\/div><\/section><!-- .wp-show-posts --><\/div>\n\t\t\t\t\t\t<\/div>\n\t\t\t\t<\/div>\n\t\t\t\t\t<\/div>\n\t\t<\/div>\n\t\t\t\t\t<\/div>\n\t\t<\/section>\n\t\t\t\t<\/div>\n\t\t<div class='share-to-whatsapp-wrapper'><div class='share-on-whsp'>Share on: <\/div><div class='clear '><\/div><\/div>","protected":false},"excerpt":{"rendered":"<p>Share on:<\/p>\n","protected":false},"author":23,"featured_media":0,"parent":0,"menu_order":0,"comment_status":"closed","ping_status":"closed","template":"","meta":{"footnotes":""},"class_list":["post-8992","page","type-page","status-publish","hentry"],"_links":{"self":[{"href":"https:\/\/zumbalaturba.com.ar\/index.php?rest_route=\/wp\/v2\/pages\/8992","targetHints":{"allow":["GET"]}}],"collection":[{"href":"https:\/\/zumbalaturba.com.ar\/index.php?rest_route=\/wp\/v2\/pages"}],"about":[{"href":"https:\/\/zumbalaturba.com.ar\/index.php?rest_route=\/wp\/v2\/types\/page"}],"author":[{"embeddable":true,"href":"https:\/\/zumbalaturba.com.ar\/index.php?rest_route=\/wp\/v2\/users\/23"}],"replies":[{"embeddable":true,"href":"https:\/\/zumbalaturba.com.ar\/index.php?rest_route=%2Fwp%2Fv2%2Fcomments&post=8992"}],"version-history":[{"count":0,"href":"https:\/\/zumbalaturba.com.ar\/index.php?rest_route=\/wp\/v2\/pages\/8992\/revisions"}],"wp:attachment":[{"href":"https:\/\/zumbalaturba.com.ar\/index.php?rest_route=%2Fwp%2Fv2%2Fmedia&parent=8992"}],"curies":[{"name":"wp","href":"https:\/\/api.w.org\/{rel}","templated":true}]}}